{"id":164,"date":"2019-10-27T09:52:08","date_gmt":"2019-10-27T08:52:08","guid":{"rendered":"https:\/\/guarneritrioprague.cajik.com\/?page_id=164"},"modified":"2024-09-17T12:32:12","modified_gmt":"2024-09-17T11:32:12","slug":"tisk","status":"publish","type":"page","link":"https:\/\/www.guarneritrioprague.com\/en\/tisk\/","title":{"rendered":"PRESS"},"content":{"rendered":"<p><a href=\"https:\/\/www.guarneritrioprague.com\/wp-content\/uploads\/2024\/09\/2024-Nottingham-englisch.pdf\"><img loading=\"lazy\" decoding=\"async\" class=\"alignnone wp-image-497 size-full\" src=\"https:\/\/www.guarneritrioprague.com\/wp-content\/uploads\/2024\/09\/2024-Nottingham-englisch.jpg\" alt=\"\" width=\"386\" height=\"582\" srcset=\"https:\/\/www.guarneritrioprague.com\/wp-content\/uploads\/2024\/09\/2024-Nottingham-englisch.jpg 386w, https:\/\/www.guarneritrioprague.com\/wp-content\/uploads\/2024\/09\/2024-Nottingham-englisch-199x300.jpg 199w\" sizes=\"auto, (max-width: 386px) 100vw, 386px\" \/><\/a><\/p>\n<table style=\"border-collapse: collapse; width: 100%; height: 1323px;\">\n<tbody>\n<tr>\n<td style=\"width: 100%;\"><a href=\"https:\/\/www.guarneritrioprague.com\/wp-content\/uploads\/2023\/09\/2023-Santa-Cruz-spanish.pdf\" target=\"_blank\" rel=\"noopener noreferrer\"><em><img loading=\"lazy\" decoding=\"async\" class=\"alignnone size-full wp-image-407\" src=\"https:\/\/www.guarneritrioprague.com\/wp-content\/uploads\/2023\/09\/2023-05-28-en.jpg\" alt=\"\" width=\"701\" height=\"494\"><\/em><\/a><em><br \/>\n<\/em><\/td>\n<\/tr>\n<tr>\n<td style=\"width: 100%;\"><a href=\"https:\/\/www.guarneritrioprague.com\/wp-content\/uploads\/2022\/09\/2022-4-21.pdf\" target=\"_blank\" rel=\"noopener noreferrer\"><em><img loading=\"lazy\" decoding=\"async\" class=\"alignnone size-full wp-image-407\" src=\"https:\/\/www.guarneritrioprague.com\/wp-content\/uploads\/2022\/09\/2022-4-21.jpg\" alt=\"\" width=\"1752\" height=\"1150\"><\/em><\/a><em><br \/>\n<\/em><\/td>\n<\/tr>\n<tr>\n<td style=\"width: 100%;\"><a href=\"https:\/\/www.guarneritrioprague.com\/wp-content\/uploads\/2022\/09\/2022-4-21-Detmold.pdf\" target=\"_blank\" rel=\"noopener noreferrer\"><em><img loading=\"lazy\" decoding=\"async\" class=\"alignnone size-full wp-image-407\" src=\"https:\/\/www.guarneritrioprague.com\/wp-content\/uploads\/2022\/09\/2022-4-21-Detmold.jpg\" alt=\"\" width=\"1752\" height=\"1150\"><\/em><\/a><em><br \/>\n<\/em><\/td>\n<\/tr>\n<tr>\n<td style=\"width: 100%;\"><a href=\"https:\/\/www.guarneritrioprague.com\/wp-content\/uploads\/2022\/09\/CCI_000941.jpeg\" target=\"_blank\" rel=\"noopener noreferrer\"><em><img loading=\"lazy\" decoding=\"async\" class=\"alignnone size-full wp-image-407\" src=\"https:\/\/www.guarneritrioprague.com\/wp-content\/uploads\/2022\/09\/CCI_000941.jpeg\" alt=\"\" width=\"1752\" height=\"1150\"><\/em><\/a><em><br \/>\n<\/em><\/td>\n<\/tr>\n<tr>\n<td style=\"width: 100%;\"><a href=\"https:\/\/www.guarneritrioprague.com\/wp-content\/uploads\/2020\/10\/Wengen-2020-1.pdf\" target=\"_blank\" rel=\"noopener noreferrer\"><em><img loading=\"lazy\" decoding=\"async\" class=\"alignnone size-full wp-image-407\" src=\"https:\/\/www.guarneritrioprague.com\/wp-content\/uploads\/2020\/10\/Wengen20201.jpg\" alt=\"\" width=\"1752\" height=\"1150\" srcset=\"https:\/\/www.guarneritrioprague.com\/wp-content\/uploads\/2020\/10\/Wengen20201.jpg 1752w, https:\/\/www.guarneritrioprague.com\/wp-content\/uploads\/2020\/10\/Wengen20201-300x197.jpg 300w, https:\/\/www.guarneritrioprague.com\/wp-content\/uploads\/2020\/10\/Wengen20201-1024x672.jpg 1024w, https:\/\/www.guarneritrioprague.com\/wp-content\/uploads\/2020\/10\/Wengen20201-768x504.jpg 768w, https:\/\/www.guarneritrioprague.com\/wp-content\/uploads\/2020\/10\/Wengen20201-1536x1008.jpg 1536w\" sizes=\"auto, (max-width: 767px) 89vw, (max-width: 1000px) 54vw, (max-width: 1071px) 543px, 580px\" \/><\/em><\/a><em><br \/>\n<\/em><\/td>\n<\/tr>\n<tr>\n<td style=\"width: 100%;\"><em>&nbsp;<\/em><\/td>\n<\/tr>\n<tr>\n<td style=\"width: 100%;\"><em>Guarneri Trio, Prague, Lakeside, Nottingham, 5*****&nbsp;<a href=\"https:\/\/reviewsgate.com\/guarneri-trio-prague-lakeside-nottingham-5-by-william-ruff\/\" target=\"_blank\" rel=\"noopener noreferrer\">review here<\/a><br \/>\n(<strong>William Ruff<\/strong>, December 12 2019)<\/em><\/td>\n<\/tr>\n<tr>\n<td style=\"width: 100%;\"><em>&nbsp;<\/em><\/td>\n<\/tr>\n<tr style=\"height: 63px;\">\n<td style=\"width: 100%; height: 63px;\"><em>Sensibel ausleuchtend verwandelten die drei Musiker jeden einzelnen Satz in ein kostbares Kleinod. Jede Menge Feuer war im Spiel, aber wie im Scherzo auch eine geh\u00f6rige Portion Charme.<\/em><br \/>\n(<strong>Berner Oberl\u00e4nder<\/strong>, 19.08. 2019)<\/td>\n<\/tr>\n<tr style=\"height: 21px;\">\n<td style=\"width: 100%; height: 21px;\">&nbsp;<\/td>\n<\/tr>\n<tr style=\"height: 105px;\">\n<td style=\"width: 100%; height: 105px;\"><em>Tosender Erfolg war logische Folge h\u00f6chstm\u00f6glicher Begeitserung, sodass die sympatischen Kammermsuiker als Dreingabe die eigens verfasste Bearbeitung der weltber\u00fchmten Dvorak-Humoreske op. 101\/7 von Ivan Klansky als Abschied zum besten gaben. Derart begeistert hat man die reformierte Kirche noch selten erlebt \u2013 man ging \u00fcbergl\u00fccklich beseelt von dannen.<\/em><br \/>\n(<strong>Meilener Anzeiger<\/strong>, 06.09.2018)<\/td>\n<\/tr>\n<tr style=\"height: 21px;\">\n<td style=\"width: 100%; height: 21px;\">&nbsp;<\/td>\n<\/tr>\n<tr style=\"height: 63px;\">\n<td style=\"width: 100%; height: 63px;\"><em>Gl\u00fccksgef\u00fchle erwachten am Abschlusskonzert der 14. Mendelssohn Musikwoche Wengen in der bis auf den letzten Platz besetzen Kirche. Das Guarneri Trio Prag sorgte auf 1274 Metern \u00fcber Meer f\u00fcr kammermusikalische H\u00f6henfl\u00fcge.<\/em><br \/>\n(<strong>BZ Berner Oberl\u00e4nder<\/strong>, 27.08.2018)<\/td>\n<\/tr>\n<tr style=\"height: 21px;\">\n<td style=\"width: 100%; height: 21px;\">&nbsp;<\/td>\n<\/tr>\n<tr style=\"height: 42px;\">\n<td style=\"width: 100%; height: 42px;\"><em>Tr\u00edo Guarneri de Praga: Maestr\u00eda fraterna<\/em><br \/>\n(<strong>El Mercurio, Santiago de Chile<\/strong>, 11.10.2018)<\/td>\n<\/tr>\n<tr style=\"height: 21px;\">\n<td style=\"width: 100%; height: 21px;\">&nbsp;<\/td>\n<\/tr>\n<tr style=\"height: 126px;\">\n<td style=\"width: 100%; height: 126px;\"><em>Von der ersten Note an \u00fcberzeugte das Ensemble durch die wunderbare Klangqualit\u00e4t. Zweifellos kann diese nicht allein durch die Virtuosit\u00e4t der K\u00fcnstler und die Qualit\u00e4t ihrer Instrumente erkl\u00e4rt werden, sondern gr\u00fcndet auf 32 Jahren gemeinsamen Musizierens. Alles am Trio Guarneri ist aussergew\u00f6hnlich und lange Lobeshymnen greifen alle zu kurz. Es bleibt nur zu sagen, dass die Art, wie sie die Freude und das Vergn\u00fcgen Kammermusik zu machen vermitteln, einen einzigartigen Genuss darstellt.<br \/>\n<\/em>(<strong>El Mercurio, Santiago de Chile<\/strong>, 11.10. 2018)<\/td>\n<\/tr>\n<tr style=\"height: 21px;\">\n<td style=\"width: 100%; height: 21px;\">&nbsp;<\/td>\n<\/tr>\n<tr style=\"height: 126px;\">\n<td style=\"width: 100%; height: 126px;\"><em>It was like welcoming back old friends. The Guarneri Trio are no strangers to Likeside (they\u2019ve noched up a total of 18 concerts there altogether) but there\u2019s been a gap of five years. On Thursday they reminded the audience what they had been missing: three deeply musical minds who share long experience and vast knowledge of the repertoire.They also accomplish, effortlessly, that magic trick performed by only best ensembles: playing as one finely tuned musical instrument \u2013 and as three distinctive personalities.<\/em><br \/>\n(<strong>Nottingham Lakeside Arts-review<\/strong>, May, 4th 2018)<\/td>\n<\/tr>\n<tr style=\"height: 21px;\">\n<td style=\"width: 100%; height: 21px;\">&nbsp;<\/td>\n<\/tr>\n<tr style=\"height: 105px;\">\n<td style=\"width: 100%; height: 105px;\"><em>Beethovens Trio B-Dur (WoO 39), das lediglich aus einem Satz besteht, war ein idealer Einsieg in das Konzert. Mit feinster Dynamik und einer wundervollen Lockerheit sorgten die drei Musiker f\u00fcr eine erfrischende und belebende Musik. Meist brauchen die drei Musiker einander nicht einmal anzusehen, um gemeinsam anzufangen. Jeder von ihnen sp\u00fcrt, was die anderen als n\u00e4chstes tun.<\/em><br \/>\n(<strong>Schlitzer Bote<\/strong>, 06.02.2018)<\/td>\n<\/tr>\n<tr style=\"height: 21px;\">\n<td style=\"width: 100%; height: 21px;\">&nbsp;<\/td>\n<\/tr>\n<tr style=\"height: 63px;\">\n<td style=\"width: 100%; height: 63px;\"><em>Damals, als es in Bad Saulgau noch die Guarneri-Meisterkurse gb wurden immer wieder S\u00e4tze aus Beethovens \u201eGeistertrio\u201c ge\u00fcbt und pr\u00e4sentiert. Jetzt pr\u00e4sentierten die Meister ihre eigene, vollendete Interpretation.<\/em><br \/>\n(<strong>Saulgau<\/strong>, 28.03.2018)<\/td>\n<\/tr>\n<tr style=\"height: 21px;\">\n<td style=\"width: 100%; height: 21px;\">&nbsp;<\/td>\n<\/tr>\n<tr style=\"height: 42px;\">\n<td style=\"width: 100%; height: 42px;\"><em>El ensamble de Praga s considerado uno de los maximos exponentes de la musica de camera.<\/em><br \/>\n(<strong>Correo<\/strong>, 30.10.2017)<\/td>\n<\/tr>\n<tr style=\"height: 84px;\">\n<td style=\"width: 100%; height: 84px;\"><em>Als Zugabe dann das erfrischende Allegretto Scherzando aus dem Kalviertrio B-Dur von Dvorak und auf Wunsch von Waldorsch\u00fclern \u201emal etwas Modernes\u201c: der Sommer aus dem Jahreszeiten-Zyklus von Astor Piazolla. Eine wunderbare \u00dcberraschung.<\/em><br \/>\n(<strong>SWP<\/strong>, 27.03.2015)<\/td>\n<\/tr>\n<tr style=\"height: 21px;\">\n<td style=\"width: 100%; height: 21px;\">&nbsp;<\/td>\n<\/tr>\n<tr style=\"height: 189px;\">\n<td style=\"width: 100%; height: 189px;\"><em>Os oito primeiros compassos do Andante que abre o trio n\u00ba 2, opus 67, de Dmitri Shostakovich, constituem um desafio intranspon\u00edvel para um violoncelista: ele \u00e9 obrigado a tocar solo com sordina em harm\u00f4nicos na regi\u00e3o mais aguda do instrumento. E quando, no s\u00e9timo compasso, o violino entra, ele o faz na regi\u00e3o grave. Assim, ambos trocam de posi\u00e7\u00e3o: o cello encarrega-se do agudo e o violino do grave.<\/em><br \/>\n<em>S\u00f3 em grava\u00e7\u00f5es obt\u00e9m-se uma performance pr\u00f3xima da perfei\u00e7\u00e3o, por causa das picotagens em est\u00fadio. Ao vivo, \u00e9 uma corda bamba que transita entre o triunfo parcial e o fiasco iminente. O not\u00e1vel Marek Jerie, cellista do Guarneri Piano Trio de Praga, chegou perto de uma execu\u00e7\u00e3o irretoc\u00e1vel. Deslizes quase impercept\u00edveis, numa melodia lancinante, clima de tributo a Ivan Sollertingky, melhor amigo do compositor, morto dez dias antes do in\u00edcio da cria\u00e7\u00e3o do trio, em 1944.<\/em><br \/>\n(<a href=\"http:\/\/cultura.estadao.com.br\/noticias\/geral,masp-recebe-notavel-concerto-do-trio-de-praga,10000000376\" target=\"_blank\" rel=\"noopener noreferrer\"><strong>Sao Paolo<\/strong><\/a>), 2015<\/td>\n<\/tr>\n<tr style=\"height: 21px;\">\n<td style=\"width: 100%; height: 21px;\">&nbsp;<\/td>\n<\/tr>\n<tr style=\"height: 105px;\">\n<td style=\"width: 100%; height: 105px;\"><em>Das Konzert war ohne Pause und es wurden nur zwei Werke gespielt. Aber was f\u00fcr Werke! Und was f\u00fcr Interpreten! Diese spielen seit ihrer Gr\u00fcndung vor 29 Jahren in urspr\u00fcnglicher Besetzung zusammen. Sie scheinen telepathisch miteinander verbunden zu sein und mit ihrer Interpretation des Trio Nr. 1 op. 8 von Brahms verwandelten sie die Atmosph\u00e4re des Abends v\u00f6llig.<\/em><br \/>\n(<a href=\"http:\/\/cultura.estadao.com.br\/noticias\/geral,masp-recebe-notavel-concerto-do-trio-de-praga,10000000376\" target=\"_blank\" rel=\"noopener noreferrer\">Sao Paolo<\/a>), 2015<\/td>\n<\/tr>\n<tr>\n<td style=\"width: 100%;\"><em>&nbsp;<\/em><\/td>\n<\/tr>\n<tr>\n<td style=\"width: 100%;\"><em>En la segunda parte para ir finalizando se escuch\u00f3 el famoso &#8220;Tr\u00edo del Archiduque&#8221; de Beethoven. El &#8220;Tr\u00edo Guarneri&#8221; demostr\u00f3 en todo el concierto que entre ellos no hay individualismo, los tres respiran y sienten juntos logrando una calidad de sonido \u00fanica. La interpretaci\u00f3n que ofrecen estos m\u00fasicos checos no brota de sus manos sale del coraz\u00f3n. El p\u00fablico de pie no cesaba de aplaudir hasta que ellos ofrecieron como bis del genial compositor checo Anton\u00edn Dvorak, el movimiento final del &#8220;Tr\u00edo Dumky op.90&#8221;.<br \/>\n<\/em>(<strong>CONCIERTOS EN EL ESTE<\/strong>, 03.11.2015)<\/td>\n<\/tr>\n<tr>\n<td style=\"width: 100%;\"><em>&nbsp;<\/em><\/td>\n<\/tr>\n<tr>\n<td style=\"width: 100%;\"><em>The Guarneris chose the last movement (Dumky) as en encore after their account of the ardent F minor No. 3, and it was like a springtime burgeoning of invention.<br \/>\n<\/em>(<strong>Sunday Times<\/strong>, 18.01.2015)<\/td>\n<\/tr>\n<tr>\n<td style=\"width: 100%;\"><em>&nbsp;<\/em><\/td>\n<\/tr>\n<tr>\n<td style=\"width: 100%;\"><em>L\u2019\u00e9loge du trio Guarneri n\u2019et plus \u00e0 faire. L\u2019ensemble a d\u00e9montr\u00e9 depuis longtemps la mesure de son exigence en mati\u00e8re de stle. Les M\u00f6lomanes ont retrouv\u00e9 ces musiciens, h\u00f4tes de la Soco\u00e9t\u00e9 de musique , vendredi \u00e0 La Chaux-de-Fonds, avec le plus vif plaisir. D\u00e8s les premi\u00e8res mesures du trios de Haydn, le violon, le violoncelle et le piano cr\u00e9ent und atmosph\u00e8re de pure musicalit\u00e9, transparente comme du cristal.<br \/>\n<\/em>(<strong>L\u2019impartial<\/strong>, 19.01 2015)<\/td>\n<\/tr>\n<tr>\n<td style=\"width: 100%;\"><em>&nbsp;<\/em><\/td>\n<\/tr>\n<tr>\n<td style=\"width: 100%;\"><em>Acclaimed groups such as the Beaux Arts Trio and the Guarneri Trio Prague might cast aside such analyses with flippant jest.<br \/>\n<\/em>(<strong>Piano Partner Ships<\/strong>, January\/February 2015)<\/td>\n<\/tr>\n<tr>\n<td style=\"width: 100%;\"><em>&nbsp;<\/em><\/td>\n<\/tr>\n<tr>\n<td style=\"width: 100%;\"><em>Wenn das Guarneri Trio musiziert, ist der musikalische Genuss garantiert \u2013 das ist nicht ein Werbeslogan sondern wunersch\u00f6ne Tatsache.<br \/>\n<\/em>(<strong>Jungfrauzeitung<\/strong> 25. 08. 2014)<\/td>\n<\/tr>\n<tr>\n<td style=\"width: 100%;\"><em>&nbsp;<\/em><\/td>\n<\/tr>\n<tr>\n<td style=\"width: 100%;\"><em>Vorallem in Sachen Klangkultur und Ausdrucksw\u00e4rm setzen Ivan Klansky (Klavier) Cenek Pavlik (Violine) und Marek Jerie (Violoncello) immer noch interpretatorische Massst\u00e4be. Schon Haydns ber\u00fchmtes Zigeunertrio bescherte mit beseelt augesungenen Eingangss\u00e4tzen und geistvoll pulsierendem \u201eRondo all\u2019Ongarese\u201c-Finale ungetr\u00fcbtes H\u00f6rvergn\u00fcgen.<\/em>(<strong>Starkenberger Echo<\/strong>, 12.09.2014)<\/td>\n<\/tr>\n<tr>\n<td style=\"width: 100%;\">&nbsp;<\/td>\n<\/tr>\n<tr>\n<td style=\"width: 100%;\"><em> Souver\u00e4n, zwischen zarter Leichtigkeit und kraftvollen Strichen changierend und die dynamischen Nuancen sensibel ausleuhtend, verwandelte das Trio jeden Satz in ein kostbares Kleinod. Erst nach Standing Ovations und zwei Dvorak-Zugaben liess das Publikum die musikalischen (Ver)zauberer gehen.<br \/>\n(<strong>Berner Oberl\u00e4nder<\/strong>, 25.08.2014)<\/em><\/td>\n<\/tr>\n<tr>\n<td style=\"width: 100%;\"><em>&nbsp;<\/em><\/td>\n<\/tr>\n<tr>\n<td style=\"width: 100%;\"><em>Die ersten drei \u201eDumky\u201c gehen dabei ansatzlos ineinander \u00fcber und f\u00fcgen sich zu einem dreiteiligen ersten Satz, den das Guarneri-Trio in seiner schillernden Vielschichtigkeit mit st\u00e4ndig wechselnden Tempi, Klangfarben und Rhythmen \u201edurchh\u00f6rbar\u201c und somit f\u00fcr den Zuh\u00f6rer transparent erlebbar machte. Sanfte melodietrunkene Kantilenen, chromatische Modulationen, kunstvolle Verzierungen und Umspielungen, furios temperamentvolle Ausbr\u00fcche \u2013 all dies kennzeichnete hier den souver\u00e4nen Vortrag, der in der mit bezaubernder Klangsch\u00f6nheit musizierten dritten Dumka in A-Dur gipfelte.<br \/>\n<\/em>(<strong>Kirchheimer Bote<\/strong>, 30.04.2013)<\/td>\n<\/tr>\n<tr style=\"height: 25px;\">\n<td style=\"width: 100%; height: 25px;\"><em>&nbsp;<\/em><\/td>\n<\/tr>\n<tr style=\"height: 77px;\">\n<td style=\"width: 100%; height: 77px;\">(&#8230;)ici, en ne joue pas en trio pour le plaisir de dialogue \u00e0 trois ou d&#8217;\u00e9changer des sons, mais pour faire de la musique &#8220;de interieur&#8221;&#8230;<br \/>\n<strong>Diapason<\/strong>, Januar 2011<em><br \/>\n<\/em><\/td>\n<\/tr>\n<tr style=\"height: 25px;\">\n<td style=\"width: 100%; height: 25px;\">&nbsp;<\/td>\n<\/tr>\n<tr style=\"height: 259px;\">\n<td style=\"width: 100%; height: 259px;\">(&#8230;)Nach der Pause brachten die tschechischen Guarneris einen weiteren Solit\u00e4r, das Klaviertrio H-Dur op. 8, zum Funkeln. Der erste Akkord zum Allegro con brio erklingt nicht, sondern er explodiert. Und er gibt die Richtung f\u00fcr Brahms vor. Da ist im im pr\u00e4chtig abgestimmten Zwiegespr\u00e4ch der Partner jede Menge Feuer im Spiel, aber wie im &#8220;Scherzo&#8221; auch eine geh\u00f6rige Portion Charme. Fast machte man vergessen, dass die rasanten und halsbrecherischen L\u00e4ufe von einem klassischen Komponisten wie Brahms komponiert sind; so sehr entfachen die Musiker einen unglaublichen Klangrausch. Das St\u00fcck leuchtet und schwelgt im Sinnlichkeit.<br \/>\n<strong>M\u00fcnchner Merkur&nbsp;<\/strong>, 8.12.2010<\/td>\n<\/tr>\n<tr style=\"height: 25px;\">\n<td style=\"width: 100%; height: 25px;\">&nbsp;<\/td>\n<\/tr>\n<tr style=\"height: 155px;\">\n<td style=\"width: 100%; height: 155px;\">&#8230;)&#8230; im Finale mit der Zusatzbezeichnung &#8220;assai appassionato&#8221; wurden die drei Spieler den Vorstellungen des Komponisten ebenfalls gerecht: abseits jeglicher verkrusteten Routine zeichnete sich ihr Vortrag durch die vom Komponisten geforderte Leidenschaftlichkeit, durch Frische, Klangfarbenreichtum und stupende Virtuosit\u00e4t aus&#8230;<br \/>\n<strong>Teckbote<\/strong>, 8.12.2010<\/td>\n<\/tr>\n<tr style=\"height: 25px;\">\n<td style=\"width: 100%; height: 25px;\">&nbsp;<\/td>\n<\/tr>\n<tr style=\"height: 155px;\">\n<td style=\"width: 100%; height: 155px;\">(&#8230;)Grosse Steigerungen und Verdichtungen waren dabei und nat\u00fcrlich ebenso schroffe Kontraste in der romantischen Zerrissenheit, aber immer mit einem feinen Gesp\u00fcr f\u00fcr das rechte Mass der Dinge. Die Gegenrhythmen im Finale kamen genauso pr\u00e4zise wie die furiosen Springbogenketten technisch perfekt und makellos genau gelangen.<br \/>\n<strong>Stuttgart<\/strong>, 6.12.2010<\/td>\n<\/tr>\n<tr style=\"height: 25px;\">\n<td style=\"width: 100%; height: 25px;\">&nbsp;<\/td>\n<\/tr>\n<tr style=\"height: 155px;\">\n<td style=\"width: 100%; height: 155px;\">(&#8230;)Melodias expansivas, contrastes dinamicos, acentos marcados y planos soores cuidados en intensidad y proyeccion fueron algunas de las perlas de ese joyero que es la pieza de Dvoral, partitura de referencia en la literatura cameristica eslava con la que los Guarneri demonstraron ser lo que son: tres grandes maestros&#8230;<br \/>\n<strong>La Vanguardia&nbsp;<\/strong>, 28.8.2010<\/td>\n<\/tr>\n<tr style=\"height: 25px;\">\n<td style=\"width: 100%; height: 25px;\">&nbsp;<\/td>\n<\/tr>\n<tr style=\"height: 51px;\">\n<td style=\"width: 100%; height: 51px;\">(&#8230;) Guarneri Trio begeistert mit Musikalit\u00e4t!<br \/>\n<strong>S\u00fcdwestpresse<\/strong>, 26.3.2010<\/td>\n<\/tr>\n<tr style=\"height: 25px;\">\n<td style=\"width: 100%; height: 25px;\">&nbsp;<\/td>\n<\/tr>\n<tr style=\"height: 103px;\">\n<td style=\"width: 100%; height: 103px;\">(&#8230;) Einerseits souver\u00e4n, zwischen zarter Leichtigkeit und kraftvollem Strich changierend, anderseits jede dynamische Nuance sensibel ausleuchtend, verwandeln die drei Musiker (jeden Satz) in ein Kostbares Kleinod.<br \/>\n<strong>Basler Zeitung&nbsp;<\/strong>, 18.3.2010<\/td>\n<\/tr>\n<tr style=\"height: 25px;\">\n<td style=\"width: 100%; height: 25px;\">&nbsp;<\/td>\n<\/tr>\n<tr style=\"height: 103px;\">\n<td style=\"width: 100%; height: 103px;\">(&#8230;) Schon seit 24 Jahren (hat sich das Trio) einen international renommierten Namen erworben und strahlt eine routinierte Professionalit\u00e4t aus, wenn sie vor das Publikum treten.<br \/>\n<strong>Trierischer Volksfreund&nbsp;<\/strong>, 8.2.2010<\/td>\n<\/tr>\n<tr style=\"height: 25px;\">\n<td style=\"width: 100%; height: 25px;\">&nbsp;<\/td>\n<\/tr>\n<tr style=\"height: 77px;\">\n<td style=\"width: 100%; height: 77px;\">(&#8230;) In fact the trio &#8211; Ivan Klansky, Cenek Pavlik, Marek Jerie &#8211; are really only in competition with themselves.<br \/>\n<strong>Harmonie<\/strong>, 12.2009<\/td>\n<\/tr>\n<tr style=\"height: 25px;\">\n<td style=\"width: 100%; height: 25px;\">&nbsp;<\/td>\n<\/tr>\n<tr style=\"height: 77px;\">\n<td style=\"width: 100%; height: 77px;\">(&#8230;) Jedes Detail scheint interpretatorisch und agogisch bis ins Letzte abgestimmt und ausgeformt.<br \/>\n<strong>G\u00f6ttinger Tagblatt<\/strong>, 26.8.2009<\/td>\n<\/tr>\n<tr style=\"height: 25px;\">\n<td style=\"width: 100%; height: 25px;\">&nbsp;<\/td>\n<\/tr>\n<tr style=\"height: 103px;\">\n<td style=\"width: 100%; height: 103px;\">(&#8230;) der helle Klavierklang von Ivan Klansky und die warmen Streicherkl\u00e4nge der kostbaren Guarneri-Instrumente von Cenek Pavlik (Violine) und Marek Jerie (Violoncello) verbanden sich zu einem erfrischenden Musizieren.<br \/>\n<strong>Lindauer Zeitung<\/strong>, 9.2.2009<\/td>\n<\/tr>\n<tr style=\"height: 25px;\">\n<td style=\"width: 100%; height: 25px;\">&nbsp;<\/td>\n<\/tr>\n<tr style=\"height: 103px;\">\n<td style=\"width: 100%; height: 103px;\">(&#8230;) Die darauffolgende Ausf\u00fchrung des Trio Nr. 2 (Schubert) glich einer musikalischen Bl\u00fctenlese. \u00dcberzeugend die Vielfalt an Klangfarben, die subtile Ausf\u00fchrung der rhythmischen Figuren, die Ausdruckskraft im Andante.<br \/>\n<strong>La Vanguardia (Barcelona)<\/strong>, 5.2.2009<\/td>\n<\/tr>\n<tr style=\"height: 25px;\">\n<td style=\"width: 100%; height: 25px;\">&nbsp;<\/td>\n<\/tr>\n<tr style=\"height: 155px;\">\n<td style=\"width: 100%; height: 155px;\">(&#8230;) um den Spannungsbogen dieser Musik wissend, gelang es den drei Musikern das Klangbild jeweils aus der Spannung des Moments heraus zu gestalten und zu variieren. Das war m\u00f6glich dank der technischen Souver\u00e4nit\u00e4t und einer gestalterisch reifen Musikalit\u00e4t des Guarneri Trios Prag.<br \/>\n<strong>Basler Zeitung<\/strong>, 22.10.2008<\/td>\n<\/tr>\n<tr style=\"height: 25px;\">\n<td style=\"width: 100%; height: 25px;\">&nbsp;<\/td>\n<\/tr>\n<tr style=\"height: 155px;\">\n<td style=\"width: 100%; height: 155px;\">(&#8230;) Das Ensemble muss sich nicht mehr um \u201ctriviale\u201d Dinge, wie Technik, Zusammenspiel und stilistische Fragen k\u00fcmmern, all dies hat es schon lange im Blut. Das Guarner Trio Prag ist einer der besten Jahrg\u00e4nge, welcher die tschechische Musikwelt je hervorbrachte. Sein ausgepr\u00e4gtes Stilempfinden und die feinen Gef\u00fchlsvibrationen sind einzigartig.<br \/>\n<strong>Harmonie<\/strong>, Mai 2008<\/td>\n<\/tr>\n<tr style=\"height: 25px;\">\n<td style=\"width: 100%; height: 25px;\">&nbsp;<\/td>\n<\/tr>\n<tr style=\"height: 129px;\">\n<td style=\"width: 100%; height: 129px;\">(&#8230;) Le Trio Guarneri a \u00e9t\u00e9 exellent; ils ont su cr\u00e9er une symbiose sonore tr\u00e8s homog\u00e8ne, privil\u00e9giant l&#8217;expression collective au d\u00e9triment des personnalit\u00e9s individuelles, le tout avec und technique musicale remarquable et uns synchronisation sans faille.<br \/>\n<strong>ResMusica.com<\/strong>, 12.12.2007<\/td>\n<\/tr>\n<tr style=\"height: 25px;\">\n<td style=\"width: 100%; height: 25px;\">&nbsp;<\/td>\n<\/tr>\n<tr style=\"height: 233px;\">\n<td style=\"width: 100%; height: 233px;\">(&#8230;) Guarneri Trio Prague have a number of discs in the catalogue, including two devoted to Mozart, one each to Schubert, Mendellsohn and Shostakovich and one to Czech masters. Their latest Praga Digitals release, dedicated to Brahms, displays the significant gifts of the individual players as well as their extraordinarily refined and subtle ensemble playing. I suspect this recording may rival some of the finest currently available, including those of the Beaux Arts and Borodin Trios and even the classic Rubinstein, Heifetz and Feuermann collaboration.<br \/>\n<strong>International Record Review<\/strong>, 12. 2007<\/td>\n<\/tr>\n<tr style=\"height: 25px;\">\n<td style=\"width: 100%; height: 25px;\">&nbsp;<\/td>\n<\/tr>\n<tr style=\"height: 181px;\">\n<td style=\"width: 100%; height: 181px;\">(&#8230;) Apr\u00e8s l&#8217;entracte, les trois musiciens praguois entament le Trio op. 100 de Schubert. Pilleier du catalogue schubertien, et de tout le r\u00e9pertoire duu trio avec piano, l&#8217;opus 100 doit son immense popularit\u00e9 actuelle au Barry Lyndon de Kubrick, fiolm dans lequel est utilis\u00e9 une sectiom de l&#8217;andante con moto. En \u00e9coutant ce fameux th\u00e8me, qui jalonne i&#8217;immense structure de l&#8217;oeuvre, on croit r\u00eaver devant la simplicit\u00e9 et l&#8217;\u00e9vidence de l&#8217;interpr\u00e9tation.<br \/>\n<strong>Le Courrier<\/strong>, 7.9.2007<\/td>\n<\/tr>\n<tr style=\"height: 25px;\">\n<td style=\"width: 100%; height: 25px;\">&nbsp;<\/td>\n<\/tr>\n<tr style=\"height: 233px;\">\n<td style=\"width: 100%; height: 233px;\">(&#8230;) Sie spielen, als wollten sie den Bildzauber einer Laterna magica in Kl\u00e4nge verwandeln: Durchsichtig, leuchtend, farbig bis in die kleinsten Feinheiten, genau in Linien und Gegens\u00e4tzen und f\u00fcr jeden Mal-Stil mit eigenem Ausdruck des Kolorits. Das Klaviertrio mit dem Namen Guarneri, musizierte Mozart mit hellen, weichen, dabei klaren Farben, Smetana mit violumin\u00f6serem, durch Kontraste und dramatische Aktion gezeichnetem Auftrag, Dvorak mit dem spannungsreichen Widerstand von luftig spielerischer Zeichnung und dunklen T\u00f6nungen.<br \/>\n<strong>S\u00fcdkurier<\/strong>, 28.11.2006<\/td>\n<\/tr>\n<tr style=\"height: 25px;\">\n<td style=\"width: 100%; height: 25px;\">&nbsp;<\/td>\n<\/tr>\n<tr style=\"height: 311px;\">\n<td style=\"width: 100%; height: 311px;\">(&#8230;) Doch alle bis zu diesem Zeitpunkt aufgezeigten interpretatorischen Qualit\u00e4ten, die zu den gew\u00e4hlten Gelegenheiten durchaus zu beeindrucken vermochten, bereiteten &#8220;nur&#8221; den Boden vor f\u00fcr ein musikalisch- darstellerisches H\u00f6rerlebnis.Dieses stellte sich mit alles bezwingender Urgewalt ein bei Schuberts Es-Dur Trio , als die Instrumentalisten, mit- und untereinander bis in feinste Seelenregungen einig in deren &#8220;szenischer&#8221; Ausgestaltung, durch die Intensit\u00e4t ihres Spiels zu einer den H\u00f6rer in jedem Augenblick vereinnahmenden Faszination der Darstellung gelangten, die auch dem mit dem textlichen Material durchaus vertrauten Musikfreund auf spektakul\u00e4re Weise neue Einsichten in und Ausblicke auf die musikalischen Erlebniswelten des Komponisten er\u00f6ffnete.<br \/>\n<strong>G\u00f6ppingen, S\u00fcdwest aktiv<\/strong>, 24.02.2006<\/td>\n<\/tr>\n<tr style=\"height: 25px;\">\n<td style=\"width: 100%; height: 25px;\">&nbsp;<\/td>\n<\/tr>\n<tr style=\"height: 129px;\">\n<td style=\"width: 100%; height: 129px;\">(&#8230;) Und was man fast nicht zu glauben vermochte, die drei musikalischen &#8220;Zauberer&#8221; steigerten sich sogar noch in Felix Mendelssohn-Bartholdys Trio op. 49 und erklommen mit Antonin Dvoraks Trio e-Moll op. 90 schliesslich die Spitze des interpretatorischen Olymps.<br \/>\n<strong>Basler Zeitung<\/strong>, 24.03.2006<\/td>\n<\/tr>\n<tr style=\"height: 25px;\">\n<td style=\"width: 100%; height: 25px;\">&nbsp;<\/td>\n<\/tr>\n<tr style=\"height: 77px;\">\n<td style=\"width: 100%; height: 77px;\"><em><span class=\"style13\">(&#8230;)&nbsp;<\/span>Ein mitreissendes Konzert des Guarneri Trio Prag er\u00f6ffnete die Meisterkonzerte.<br \/>\n<\/em><strong>Flensburger Tagblatt<\/strong>, 7.11.2005<\/td>\n<\/tr>\n<tr style=\"height: 25px;\">\n<td style=\"width: 100%; height: 25px;\"><em><span class=\"style13\">&nbsp;<\/span><\/em><\/td>\n<\/tr>\n<tr style=\"height: 103px;\">\n<td style=\"width: 100%; height: 103px;\">(&#8230;) Die Wiedergabe durch das Guarneri-Trio war von einer derartigen Feinheit der Auffassung, Klarheit der Gliederung, einer musikalischen und vor allem geistigen H\u00f6he, die heute sonst kaum noch erreicht wird.<br \/>\n<strong>S\u00fcddeutsche Zeitung<\/strong>, 18.5.2005<em><span class=\"style13\"><br \/>\n<\/span><\/em><\/td>\n<\/tr>\n<tr style=\"height: 25px;\">\n<td style=\"width: 100%; height: 25px;\">&nbsp;<\/td>\n<\/tr>\n<tr style=\"height: 77px;\">\n<td style=\"width: 100%; height: 77px;\">(&#8230;) Et il y avait de quoi. Le Trio Guarneri &#8211; c&#8217;est de lui qu&#8217;il s&#8217;agit &#8211; est sans doute un des plus beaux ensembles de ce type au monde.<br \/>\n<strong>Le Comtadin<\/strong>, 4.2.2005<\/td>\n<\/tr>\n<tr style=\"height: 25px;\">\n<td style=\"width: 100%; height: 25px;\">&nbsp;<\/td>\n<\/tr>\n<tr style=\"height: 103px;\">\n<td style=\"width: 100%; height: 103px;\">(&#8230;) But what made their journey really worthwhile was a towering performance of Schubert&#8217;s alternately tragic, angry and poignant E flat major Trio.<br \/>\n<strong>The Strad<\/strong>, Mai 2004<\/td>\n<\/tr>\n<tr style=\"height: 25px;\">\n<td style=\"width: 100%; height: 25px;\">&nbsp;<\/td>\n<\/tr>\n<tr style=\"height: 238px;\">\n<td style=\"width: 100%; height: 238px;\"><img loading=\"lazy\" decoding=\"async\" class=\"alignnone size-full wp-image-353\" src=\"https:\/\/guarneritrioprague.cajik.com\/wp-content\/uploads\/2020\/03\/strad.jpg\" alt=\"\" width=\"150\" height=\"205\">(&#8230;) It is all superbly played, with lightness and grace.<br \/>\n<strong>THE STRAD<\/strong>, Mai 2001<\/td>\n<\/tr>\n<tr style=\"height: 25px;\">\n<td style=\"width: 100%; height: 25px;\">&nbsp;<\/td>\n<\/tr>\n<tr style=\"height: 1036px;\">\n<td style=\"width: 100%; height: 1036px;\"><img loading=\"lazy\" decoding=\"async\" class=\"alignnone wp-image-382 size-full\" src=\"https:\/\/guarneritrioprague.cajik.com\/wp-content\/uploads\/2020\/03\/Bildschirmfoto20180506.jpg\" alt=\"\" width=\"444\" height=\"1029\" srcset=\"https:\/\/www.guarneritrioprague.com\/wp-content\/uploads\/2020\/03\/Bildschirmfoto20180506.jpg 444w, https:\/\/www.guarneritrioprague.com\/wp-content\/uploads\/2020\/03\/Bildschirmfoto20180506-129x300.jpg 129w, https:\/\/www.guarneritrioprague.com\/wp-content\/uploads\/2020\/03\/Bildschirmfoto20180506-442x1024.jpg 442w\" sizes=\"auto, (max-width: 444px) 100vw, 444px\" \/><\/td>\n<\/tr>\n<tr style=\"height: 25px;\">\n<td style=\"width: 100%; height: 25px;\">&nbsp;<\/td>\n<\/tr>\n<tr style=\"height: 495px;\">\n<td style=\"width: 100%; height: 495px;\"><img loading=\"lazy\" decoding=\"async\" class=\"alignnone wp-image-381 size-full\" src=\"https:\/\/guarneritrioprague.cajik.com\/wp-content\/uploads\/2020\/03\/LandesakademieHessen20180306.jpg\" alt=\"\" width=\"790\" height=\"668\" srcset=\"https:\/\/www.guarneritrioprague.com\/wp-content\/uploads\/2020\/03\/LandesakademieHessen20180306.jpg 790w, https:\/\/www.guarneritrioprague.com\/wp-content\/uploads\/2020\/03\/LandesakademieHessen20180306-300x254.jpg 300w, https:\/\/www.guarneritrioprague.com\/wp-content\/uploads\/2020\/03\/LandesakademieHessen20180306-768x649.jpg 768w\" sizes=\"auto, (max-width: 767px) 89vw, (max-width: 1000px) 54vw, (max-width: 1071px) 543px, 580px\" \/><\/td>\n<\/tr>\n<tr style=\"height: 25px;\">\n<td style=\"width: 100%; height: 25px;\">&nbsp;<\/td>\n<\/tr>\n<tr style=\"height: 851px;\">\n<td style=\"width: 100%; height: 851px;\"><img loading=\"lazy\" decoding=\"async\" class=\"alignnone wp-image-380 size-full\" src=\"https:\/\/guarneritrioprague.cajik.com\/wp-content\/uploads\/2020\/03\/KritikKirchhheimTeckApril2013.jpg\" alt=\"\" width=\"790\" height=\"1154\" srcset=\"https:\/\/www.guarneritrioprague.com\/wp-content\/uploads\/2020\/03\/KritikKirchhheimTeckApril2013.jpg 790w, https:\/\/www.guarneritrioprague.com\/wp-content\/uploads\/2020\/03\/KritikKirchhheimTeckApril2013-205x300.jpg 205w, https:\/\/www.guarneritrioprague.com\/wp-content\/uploads\/2020\/03\/KritikKirchhheimTeckApril2013-701x1024.jpg 701w, https:\/\/www.guarneritrioprague.com\/wp-content\/uploads\/2020\/03\/KritikKirchhheimTeckApril2013-768x1122.jpg 768w\" sizes=\"auto, (max-width: 767px) 89vw, (max-width: 1000px) 54vw, (max-width: 1071px) 543px, 580px\" \/><\/td>\n<\/tr>\n<tr style=\"height: 25px;\">\n<td style=\"width: 100%; height: 25px;\">&nbsp;<\/td>\n<\/tr>\n<tr style=\"height: 352px;\">\n<td style=\"width: 100%; height: 352px;\"><img loading=\"lazy\" decoding=\"async\" class=\"alignnone wp-image-379 size-full\" src=\"https:\/\/guarneritrioprague.cajik.com\/wp-content\/uploads\/2020\/03\/JungfrauZeitung.jpg\" alt=\"\" width=\"785\" height=\"469\" srcset=\"https:\/\/www.guarneritrioprague.com\/wp-content\/uploads\/2020\/03\/JungfrauZeitung.jpg 785w, https:\/\/www.guarneritrioprague.com\/wp-content\/uploads\/2020\/03\/JungfrauZeitung-300x179.jpg 300w, https:\/\/www.guarneritrioprague.com\/wp-content\/uploads\/2020\/03\/JungfrauZeitung-768x459.jpg 768w\" sizes=\"auto, (max-width: 767px) 89vw, (max-width: 1000px) 54vw, (max-width: 1071px) 543px, 580px\" \/><\/td>\n<\/tr>\n<tr style=\"height: 25px;\">\n<td style=\"width: 100%; height: 25px;\">&nbsp;<\/td>\n<\/tr>\n<tr style=\"height: 1141px;\">\n<td style=\"width: 100%; height: 1141px;\"><img loading=\"lazy\" decoding=\"async\" class=\"alignnone wp-image-377 size-full\" src=\"https:\/\/guarneritrioprague.cajik.com\/wp-content\/uploads\/2020\/03\/ElVendrell.jpeg\" alt=\"\" width=\"790\" height=\"1550\" srcset=\"https:\/\/www.guarneritrioprague.com\/wp-content\/uploads\/2020\/03\/ElVendrell.jpeg 790w, https:\/\/www.guarneritrioprague.com\/wp-content\/uploads\/2020\/03\/ElVendrell-153x300.jpeg 153w, https:\/\/www.guarneritrioprague.com\/wp-content\/uploads\/2020\/03\/ElVendrell-522x1024.jpeg 522w, https:\/\/www.guarneritrioprague.com\/wp-content\/uploads\/2020\/03\/ElVendrell-768x1507.jpeg 768w, https:\/\/www.guarneritrioprague.com\/wp-content\/uploads\/2020\/03\/ElVendrell-783x1536.jpeg 783w\" sizes=\"auto, (max-width: 767px) 89vw, (max-width: 1000px) 54vw, (max-width: 1071px) 543px, 580px\" \/><\/td>\n<\/tr>\n<tr style=\"height: 25px;\">\n<td style=\"width: 100%; height: 25px;\">&nbsp;<\/td>\n<\/tr>\n<tr style=\"height: 219px;\">\n<td style=\"width: 100%; height: 219px;\"><img loading=\"lazy\" decoding=\"async\" class=\"alignnone wp-image-376 size-full\" src=\"https:\/\/guarneritrioprague.cajik.com\/wp-content\/uploads\/2020\/03\/Mexiko2017.jpg\" alt=\"\" width=\"790\" height=\"558\" srcset=\"https:\/\/www.guarneritrioprague.com\/wp-content\/uploads\/2020\/03\/Mexiko2017.jpg 790w, https:\/\/www.guarneritrioprague.com\/wp-content\/uploads\/2020\/03\/Mexiko2017-300x212.jpg 300w, https:\/\/www.guarneritrioprague.com\/wp-content\/uploads\/2020\/03\/Mexiko2017-768x542.jpg 768w\" sizes=\"auto, (max-width: 767px) 89vw, (max-width: 1000px) 54vw, (max-width: 1071px) 543px, 580px\" \/><\/td>\n<\/tr>\n<tr style=\"height: 25px;\">\n<td style=\"width: 100%; height: 25px;\">&nbsp;<\/td>\n<\/tr>\n<tr style=\"height: 25px;\">\n<td style=\"width: 100%; height: 25px;\"><img loading=\"lazy\" decoding=\"async\" class=\"alignnone wp-image-375 size-full\" src=\"https:\/\/guarneritrioprague.cajik.com\/wp-content\/uploads\/2020\/03\/2015SaoPaulo.jpg\" alt=\"\" width=\"790\" height=\"1113\" srcset=\"https:\/\/www.guarneritrioprague.com\/wp-content\/uploads\/2020\/03\/2015SaoPaulo.jpg 790w, https:\/\/www.guarneritrioprague.com\/wp-content\/uploads\/2020\/03\/2015SaoPaulo-213x300.jpg 213w, https:\/\/www.guarneritrioprague.com\/wp-content\/uploads\/2020\/03\/2015SaoPaulo-727x1024.jpg 727w, https:\/\/www.guarneritrioprague.com\/wp-content\/uploads\/2020\/03\/2015SaoPaulo-768x1082.jpg 768w\" sizes=\"auto, (max-width: 767px) 89vw, (max-width: 1000px) 54vw, (max-width: 1071px) 543px, 580px\" \/><\/td>\n<\/tr>\n<tr style=\"height: 25px;\">\n<td style=\"width: 100%; height: 25px;\">&nbsp;<\/td>\n<\/tr>\n<tr style=\"height: 914px;\">\n<td style=\"width: 100%; height: 914px;\"><img loading=\"lazy\" decoding=\"async\" class=\"alignnone wp-image-374 size-full\" src=\"https:\/\/guarneritrioprague.cajik.com\/wp-content\/uploads\/2020\/03\/2015PuntadelEste.jpg\" alt=\"\" width=\"790\" height=\"1240\" srcset=\"https:\/\/www.guarneritrioprague.com\/wp-content\/uploads\/2020\/03\/2015PuntadelEste.jpg 790w, https:\/\/www.guarneritrioprague.com\/wp-content\/uploads\/2020\/03\/2015PuntadelEste-191x300.jpg 191w, https:\/\/www.guarneritrioprague.com\/wp-content\/uploads\/2020\/03\/2015PuntadelEste-652x1024.jpg 652w, https:\/\/www.guarneritrioprague.com\/wp-content\/uploads\/2020\/03\/2015PuntadelEste-768x1205.jpg 768w\" sizes=\"auto, (max-width: 767px) 89vw, (max-width: 1000px) 54vw, (max-width: 1071px) 543px, 580px\" \/><\/td>\n<\/tr>\n<tr style=\"height: 25px;\">\n<td style=\"width: 100%; height: 25px;\">&nbsp;<\/td>\n<\/tr>\n<tr style=\"height: 787px;\">\n<td style=\"width: 100%; height: 787px;\"><img loading=\"lazy\" decoding=\"async\" class=\"alignnone wp-image-373 size-full\" src=\"https:\/\/guarneritrioprague.cajik.com\/wp-content\/uploads\/2020\/03\/2015SaoPauloMASPTsch.jpg\" alt=\"\" width=\"790\" height=\"1067\" srcset=\"https:\/\/www.guarneritrioprague.com\/wp-content\/uploads\/2020\/03\/2015SaoPauloMASPTsch.jpg 790w, https:\/\/www.guarneritrioprague.com\/wp-content\/uploads\/2020\/03\/2015SaoPauloMASPTsch-222x300.jpg 222w, https:\/\/www.guarneritrioprague.com\/wp-content\/uploads\/2020\/03\/2015SaoPauloMASPTsch-758x1024.jpg 758w, https:\/\/www.guarneritrioprague.com\/wp-content\/uploads\/2020\/03\/2015SaoPauloMASPTsch-768x1037.jpg 768w\" sizes=\"auto, (max-width: 767px) 89vw, (max-width: 1000px) 54vw, (max-width: 1071px) 543px, 580px\" \/><\/td>\n<\/tr>\n<tr style=\"height: 25px;\">\n<td style=\"width: 100%; height: 25px;\">&nbsp;<\/td>\n<\/tr>\n<tr style=\"height: 1437px;\">\n<td style=\"width: 100%; height: 1437px;\"><img loading=\"lazy\" decoding=\"async\" class=\"alignnone wp-image-372 size-full\" src=\"https:\/\/guarneritrioprague.cajik.com\/wp-content\/uploads\/2020\/03\/2015Manchester.jpg\" alt=\"\" width=\"790\" height=\"1955\" srcset=\"https:\/\/www.guarneritrioprague.com\/wp-content\/uploads\/2020\/03\/2015Manchester.jpg 790w, https:\/\/www.guarneritrioprague.com\/wp-content\/uploads\/2020\/03\/2015Manchester-121x300.jpg 121w, https:\/\/www.guarneritrioprague.com\/wp-content\/uploads\/2020\/03\/2015Manchester-414x1024.jpg 414w, https:\/\/www.guarneritrioprague.com\/wp-content\/uploads\/2020\/03\/2015Manchester-768x1901.jpg 768w, https:\/\/www.guarneritrioprague.com\/wp-content\/uploads\/2020\/03\/2015Manchester-621x1536.jpg 621w\" sizes=\"auto, (max-width: 767px) 89vw, (max-width: 1000px) 54vw, (max-width: 1071px) 543px, 580px\" \/><\/td>\n<\/tr>\n<tr style=\"height: 25px;\">\n<td style=\"width: 100%; height: 25px;\">&nbsp;<\/td>\n<\/tr>\n<tr style=\"height: 855px;\">\n<td style=\"width: 100%; height: 855px;\"><img loading=\"lazy\" decoding=\"async\" class=\"alignnone wp-image-371 size-full\" src=\"https:\/\/guarneritrioprague.cajik.com\/wp-content\/uploads\/2020\/03\/2015ULM.jpg\" alt=\"\" width=\"790\" height=\"1159\" srcset=\"https:\/\/www.guarneritrioprague.com\/wp-content\/uploads\/2020\/03\/2015ULM.jpg 790w, https:\/\/www.guarneritrioprague.com\/wp-content\/uploads\/2020\/03\/2015ULM-204x300.jpg 204w, https:\/\/www.guarneritrioprague.com\/wp-content\/uploads\/2020\/03\/2015ULM-698x1024.jpg 698w, https:\/\/www.guarneritrioprague.com\/wp-content\/uploads\/2020\/03\/2015ULM-768x1127.jpg 768w\" sizes=\"auto, (max-width: 767px) 89vw, (max-width: 1000px) 54vw, (max-width: 1071px) 543px, 580px\" \/><\/td>\n<\/tr>\n<tr style=\"height: 25px;\">\n<td style=\"width: 100%; height: 25px;\">&nbsp;<\/td>\n<\/tr>\n<tr style=\"height: 299px;\">\n<td style=\"width: 100%; height: 299px;\"><img loading=\"lazy\" decoding=\"async\" class=\"alignnone wp-image-370 size-full\" src=\"https:\/\/guarneritrioprague.cajik.com\/wp-content\/uploads\/2020\/03\/2015LaChaux-de-Fonds.jpeg\" alt=\"\" width=\"790\" height=\"399\" srcset=\"https:\/\/www.guarneritrioprague.com\/wp-content\/uploads\/2020\/03\/2015LaChaux-de-Fonds.jpeg 790w, https:\/\/www.guarneritrioprague.com\/wp-content\/uploads\/2020\/03\/2015LaChaux-de-Fonds-300x152.jpeg 300w, https:\/\/www.guarneritrioprague.com\/wp-content\/uploads\/2020\/03\/2015LaChaux-de-Fonds-768x388.jpeg 768w\" sizes=\"auto, (max-width: 767px) 89vw, (max-width: 1000px) 54vw, (max-width: 1071px) 543px, 580px\" \/><\/td>\n<\/tr>\n<tr style=\"height: 25px;\">\n<td style=\"width: 100%; height: 25px;\">&nbsp;<\/td>\n<\/tr>\n<tr style=\"height: 804px;\">\n<td style=\"width: 100%; height: 804px;\"><img loading=\"lazy\" decoding=\"async\" class=\"alignnone wp-image-369 size-full\" src=\"https:\/\/guarneritrioprague.cajik.com\/wp-content\/uploads\/2020\/03\/2012detmold.jpg\" alt=\"\" width=\"790\" height=\"1090\" srcset=\"https:\/\/www.guarneritrioprague.com\/wp-content\/uploads\/2020\/03\/2012detmold.jpg 790w, https:\/\/www.guarneritrioprague.com\/wp-content\/uploads\/2020\/03\/2012detmold-217x300.jpg 217w, https:\/\/www.guarneritrioprague.com\/wp-content\/uploads\/2020\/03\/2012detmold-742x1024.jpg 742w, https:\/\/www.guarneritrioprague.com\/wp-content\/uploads\/2020\/03\/2012detmold-768x1060.jpg 768w\" sizes=\"auto, (max-width: 767px) 89vw, (max-width: 1000px) 54vw, (max-width: 1071px) 543px, 580px\" \/><\/td>\n<\/tr>\n<tr style=\"height: 25px;\">\n<td style=\"width: 100%; height: 25px;\">&nbsp;<\/td>\n<\/tr>\n<tr style=\"height: 330px;\">\n<td style=\"width: 100%; height: 330px;\"><img loading=\"lazy\" decoding=\"async\" class=\"alignnone wp-image-368 size-full\" src=\"https:\/\/guarneritrioprague.cajik.com\/wp-content\/uploads\/2020\/03\/2012detmold2.jpg\" alt=\"\" width=\"790\" height=\"442\" srcset=\"https:\/\/www.guarneritrioprague.com\/wp-content\/uploads\/2020\/03\/2012detmold2.jpg 790w, https:\/\/www.guarneritrioprague.com\/wp-content\/uploads\/2020\/03\/2012detmold2-300x168.jpg 300w, https:\/\/www.guarneritrioprague.com\/wp-content\/uploads\/2020\/03\/2012detmold2-768x430.jpg 768w\" sizes=\"auto, (max-width: 767px) 89vw, (max-width: 1000px) 54vw, (max-width: 1071px) 543px, 580px\" \/><\/td>\n<\/tr>\n<tr style=\"height: 25px;\">\n<td style=\"width: 100%; height: 25px;\">&nbsp;<\/td>\n<\/tr>\n<tr style=\"height: 436px;\">\n<td style=\"width: 100%; height: 436px;\"><img loading=\"lazy\" decoding=\"async\" class=\"alignnone wp-image-367 size-full\" src=\"https:\/\/guarneritrioprague.cajik.com\/wp-content\/uploads\/2020\/03\/2012neustadt.jpg\" alt=\"\" width=\"790\" height=\"587\" srcset=\"https:\/\/www.guarneritrioprague.com\/wp-content\/uploads\/2020\/03\/2012neustadt.jpg 790w, https:\/\/www.guarneritrioprague.com\/wp-content\/uploads\/2020\/03\/2012neustadt-300x223.jpg 300w, https:\/\/www.guarneritrioprague.com\/wp-content\/uploads\/2020\/03\/2012neustadt-768x571.jpg 768w\" sizes=\"auto, (max-width: 767px) 89vw, (max-width: 1000px) 54vw, (max-width: 1071px) 543px, 580px\" \/><\/td>\n<\/tr>\n<tr style=\"height: 25px;\">\n<td style=\"width: 100%; height: 25px;\">&nbsp;<\/td>\n<\/tr>\n<tr style=\"height: 824px;\">\n<td style=\"width: 100%; height: 824px;\"><img loading=\"lazy\" decoding=\"async\" class=\"alignnone wp-image-366 size-full\" src=\"https:\/\/guarneritrioprague.cajik.com\/wp-content\/uploads\/2020\/03\/2012praha.jpg\" alt=\"\" width=\"790\" height=\"1117\" srcset=\"https:\/\/www.guarneritrioprague.com\/wp-content\/uploads\/2020\/03\/2012praha.jpg 790w, https:\/\/www.guarneritrioprague.com\/wp-content\/uploads\/2020\/03\/2012praha-212x300.jpg 212w, https:\/\/www.guarneritrioprague.com\/wp-content\/uploads\/2020\/03\/2012praha-724x1024.jpg 724w, https:\/\/www.guarneritrioprague.com\/wp-content\/uploads\/2020\/03\/2012praha-768x1086.jpg 768w\" sizes=\"auto, (max-width: 767px) 89vw, (max-width: 1000px) 54vw, (max-width: 1071px) 543px, 580px\" \/><\/td>\n<\/tr>\n<tr style=\"height: 25px;\">\n<td style=\"width: 100%; height: 25px;\">&nbsp;<\/td>\n<\/tr>\n<tr style=\"height: 25px;\">\n<td style=\"width: 100%; height: 25px;\"><img loading=\"lazy\" decoding=\"async\" class=\"alignnone wp-image-365 size-full\" src=\"https:\/\/guarneritrioprague.cajik.com\/wp-content\/uploads\/2020\/03\/2012norwich.jpg\" alt=\"\" width=\"790\" height=\"1117\" srcset=\"https:\/\/www.guarneritrioprague.com\/wp-content\/uploads\/2020\/03\/2012norwich.jpg 790w, https:\/\/www.guarneritrioprague.com\/wp-content\/uploads\/2020\/03\/2012norwich-212x300.jpg 212w, https:\/\/www.guarneritrioprague.com\/wp-content\/uploads\/2020\/03\/2012norwich-724x1024.jpg 724w, https:\/\/www.guarneritrioprague.com\/wp-content\/uploads\/2020\/03\/2012norwich-768x1086.jpg 768w\" sizes=\"auto, (max-width: 767px) 89vw, (max-width: 1000px) 54vw, (max-width: 1071px) 543px, 580px\" \/><\/td>\n<\/tr>\n<tr>\n<td style=\"width: 100%;\">&nbsp;<\/td>\n<\/tr>\n<tr>\n<td style=\"width: 100%;\"><img loading=\"lazy\" decoding=\"async\" class=\"alignnone wp-image-364 size-full\" src=\"https:\/\/guarneritrioprague.cajik.com\/wp-content\/uploads\/2020\/03\/2012primera.jpg\" alt=\"\" width=\"790\" height=\"559\" srcset=\"https:\/\/www.guarneritrioprague.com\/wp-content\/uploads\/2020\/03\/2012primera.jpg 790w, https:\/\/www.guarneritrioprague.com\/wp-content\/uploads\/2020\/03\/2012primera-300x212.jpg 300w, https:\/\/www.guarneritrioprague.com\/wp-content\/uploads\/2020\/03\/2012primera-768x543.jpg 768w\" sizes=\"auto, (max-width: 767px) 89vw, (max-width: 1000px) 54vw, (max-width: 1071px) 543px, 580px\" \/><\/td>\n<\/tr>\n<tr>\n<td style=\"width: 100%;\">&nbsp;<\/td>\n<\/tr>\n<tr>\n<td style=\"width: 100%;\">\n<p class=\"style15\">Aussergew\u00f6hnlich<\/p>\n<p class=\"style14\">Ort und Datum: Ibercamera.<br \/>\nPalau de la Musica (2\/II\/2009)<\/p>\n<p class=\"style14\">Jorge de Persia<\/p>\n<p class=\"style13\">Ein Angebot von hohem Niveau. Derartige Musiker adeln eine Konzertreihe wie jene von Ibercamera. Auf der B\u00fchne zwei Guarneri und ein aussergew\u00f6hnlicher Pianist, welche eine kompromisslose Verpflichtung und ein breites Spektrum vereinigen.<\/p>\n<p class=\"style13\">Das zarte Nocturno op. 148 er\u00f6ffnete das Schubertprogramm. Es folgte das Trio n.\u00b0 1, ein Werk nicht ohne eine gewisse formale Schw\u00fclstigkeit, aber mit wunderbaren Stellen in seinem Innern. Die Wiedergabe war gepr\u00e4gt von der fliessenden Musikalit\u00e4t des Fl\u00fcgels, der vorz\u00fcglichen Arbeit des Cellos, dem ausgefeilten Charakter gewisser Passagen und einem feierlichen und gleichzeitig verspielten Schluss.<\/p>\n<p class=\"style13\">Die darauf folgende Ausf\u00fchrung des Trio n.\u00b02 glich einer musikalischen Bl\u00fctenlese. \u00dcberzeugend die Vielfalt an Klangfarben, die subtile Ausf\u00fchrung der rhytmischen Figuren, die Ausdruckskraft im Andante. In grossartiger, ja einmaliger Weise vermochte der Cellist Jerie die Tonqualit\u00e4ten seines Instruments Andrea Guarneri in allen Farben leuchten zu lassen; ihm stand Pavlik mit seiner Violine von Guarneri del Gesu kaum nach, immer treffend, von hoher Musikalit\u00e4t. In anhaltendem Dialog erarbeiteten die beiden eine beispielhaft spannungsgeladene und doch zarte Phrasierung. Eckpfeiler dieser Formation \u2013 vielleicht eines der besten Trios der Gegenwart \u2013 ist der Pianist Klansky mit dem ihm eigenen fl\u00fcssigen Diskurs, diskretem Pedaleinsatz und mit einem anschmiegbaren Anschlag, welcher den S\u00e4tzen eine Leichtigkeit beschert und dessen Ausdrucksst\u00e4rke dem Schlussallegro einen tanzartigen Charakter verlieh.<\/p>\n<p class=\"style13\">Das Guarneri Trio ist hierzulande sehr bekannt; zudem sind wir den drei Musikern dankbar f\u00fcr ihre p\u00e4dagogische Aufbauarbeit; bereits z\u00e4hlen verschiedene junge katalanische Musiker zu ihren Sch\u00fclern.<\/p>\n<p class=\"style15\">LA VANGUARDIA<\/p>\n<\/td>\n<\/tr>\n<tr>\n<td style=\"width: 100%;\">&nbsp;<\/td>\n<\/tr>\n<tr>\n<td style=\"width: 100%;\"><img loading=\"lazy\" decoding=\"async\" class=\"alignnone wp-image-363 size-full\" src=\"https:\/\/guarneritrioprague.cajik.com\/wp-content\/uploads\/2020\/03\/mt1.jpg\" alt=\"\" width=\"790\" height=\"1140\" srcset=\"https:\/\/www.guarneritrioprague.com\/wp-content\/uploads\/2020\/03\/mt1.jpg 790w, https:\/\/www.guarneritrioprague.com\/wp-content\/uploads\/2020\/03\/mt1-208x300.jpg 208w, https:\/\/www.guarneritrioprague.com\/wp-content\/uploads\/2020\/03\/mt1-710x1024.jpg 710w, https:\/\/www.guarneritrioprague.com\/wp-content\/uploads\/2020\/03\/mt1-768x1108.jpg 768w\" sizes=\"auto, (max-width: 767px) 89vw, (max-width: 1000px) 54vw, (max-width: 1071px) 543px, 580px\" \/><\/td>\n<\/tr>\n<tr>\n<td style=\"width: 100%;\"><img loading=\"lazy\" decoding=\"async\" class=\"alignnone wp-image-362 size-full\" src=\"https:\/\/guarneritrioprague.cajik.com\/wp-content\/uploads\/2020\/03\/mt3.jpg\" alt=\"\" width=\"790\" height=\"1166\" srcset=\"https:\/\/www.guarneritrioprague.com\/wp-content\/uploads\/2020\/03\/mt3.jpg 790w, https:\/\/www.guarneritrioprague.com\/wp-content\/uploads\/2020\/03\/mt3-203x300.jpg 203w, https:\/\/www.guarneritrioprague.com\/wp-content\/uploads\/2020\/03\/mt3-694x1024.jpg 694w, https:\/\/www.guarneritrioprague.com\/wp-content\/uploads\/2020\/03\/mt3-768x1134.jpg 768w\" sizes=\"auto, (max-width: 767px) 89vw, (max-width: 1000px) 54vw, (max-width: 1071px) 543px, 580px\" \/><\/td>\n<\/tr>\n<tr>\n<td style=\"width: 100%;\">&nbsp;<\/td>\n<\/tr>\n<tr>\n<td style=\"width: 100%;\"><img loading=\"lazy\" decoding=\"async\" class=\"alignnone wp-image-361 size-full\" src=\"https:\/\/guarneritrioprague.cajik.com\/wp-content\/uploads\/2020\/03\/mt2.jpg\" alt=\"\" width=\"790\" height=\"1204\" srcset=\"https:\/\/www.guarneritrioprague.com\/wp-content\/uploads\/2020\/03\/mt2.jpg 790w, https:\/\/www.guarneritrioprague.com\/wp-content\/uploads\/2020\/03\/mt2-197x300.jpg 197w, https:\/\/www.guarneritrioprague.com\/wp-content\/uploads\/2020\/03\/mt2-672x1024.jpg 672w, https:\/\/www.guarneritrioprague.com\/wp-content\/uploads\/2020\/03\/mt2-768x1170.jpg 768w\" sizes=\"auto, (max-width: 767px) 89vw, (max-width: 1000px) 54vw, (max-width: 1071px) 543px, 580px\" \/><\/td>\n<\/tr>\n<tr>\n<td style=\"width: 100%;\">&nbsp;<\/td>\n<\/tr>\n<tr>\n<td style=\"width: 100%;\"><img loading=\"lazy\" decoding=\"async\" class=\"alignnone wp-image-360 size-full\" src=\"https:\/\/guarneritrioprague.cajik.com\/wp-content\/uploads\/2020\/03\/bz.jpg\" alt=\"\" width=\"600\" height=\"1042\" srcset=\"https:\/\/www.guarneritrioprague.com\/wp-content\/uploads\/2020\/03\/bz.jpg 600w, https:\/\/www.guarneritrioprague.com\/wp-content\/uploads\/2020\/03\/bz-173x300.jpg 173w, https:\/\/www.guarneritrioprague.com\/wp-content\/uploads\/2020\/03\/bz-590x1024.jpg 590w\" sizes=\"auto, (max-width: 600px) 100vw, 600px\" \/><\/td>\n<\/tr>\n<tr>\n<td style=\"width: 100%;\">&nbsp;<\/td>\n<\/tr>\n<tr>\n<td style=\"width: 100%;\"><img loading=\"lazy\" decoding=\"async\" class=\"alignnone wp-image-359 size-full\" src=\"https:\/\/guarneritrioprague.cajik.com\/wp-content\/uploads\/2020\/03\/trier.jpg\" alt=\"\" width=\"600\" height=\"974\" srcset=\"https:\/\/www.guarneritrioprague.com\/wp-content\/uploads\/2020\/03\/trier.jpg 600w, https:\/\/www.guarneritrioprague.com\/wp-content\/uploads\/2020\/03\/trier-185x300.jpg 185w\" sizes=\"auto, (max-width: 600px) 100vw, 600px\" \/><\/td>\n<\/tr>\n<tr>\n<td style=\"width: 100%;\">&nbsp;<\/td>\n<\/tr>\n<tr>\n<td style=\"width: 100%;\"><img loading=\"lazy\" decoding=\"async\" class=\"alignnone wp-image-358 size-full\" src=\"https:\/\/guarneritrioprague.cajik.com\/wp-content\/uploads\/2020\/03\/ulm.jpg\" alt=\"\" width=\"400\" height=\"1083\" srcset=\"https:\/\/www.guarneritrioprague.com\/wp-content\/uploads\/2020\/03\/ulm.jpg 400w, https:\/\/www.guarneritrioprague.com\/wp-content\/uploads\/2020\/03\/ulm-111x300.jpg 111w, https:\/\/www.guarneritrioprague.com\/wp-content\/uploads\/2020\/03\/ulm-378x1024.jpg 378w\" sizes=\"auto, (max-width: 400px) 100vw, 400px\" \/><\/td>\n<\/tr>\n<tr>\n<td style=\"width: 100%;\">&nbsp;<\/td>\n<\/tr>\n<tr>\n<td style=\"width: 100%;\"><img loading=\"lazy\" decoding=\"async\" class=\"alignnone wp-image-357 size-full\" src=\"https:\/\/guarneritrioprague.cajik.com\/wp-content\/uploads\/2020\/03\/review6.jpg\" alt=\"\" width=\"400\" height=\"564\" srcset=\"https:\/\/www.guarneritrioprague.com\/wp-content\/uploads\/2020\/03\/review6.jpg 400w, https:\/\/www.guarneritrioprague.com\/wp-content\/uploads\/2020\/03\/review6-213x300.jpg 213w\" sizes=\"auto, (max-width: 400px) 100vw, 400px\" \/><\/td>\n<\/tr>\n<tr>\n<td style=\"width: 100%;\">&nbsp;<\/td>\n<\/tr>\n<tr>\n<td style=\"width: 100%;\"><img loading=\"lazy\" decoding=\"async\" class=\"alignnone wp-image-356 size-full\" src=\"https:\/\/guarneritrioprague.cajik.com\/wp-content\/uploads\/2020\/03\/review5.jpg\" alt=\"\" width=\"707\" height=\"555\" srcset=\"https:\/\/www.guarneritrioprague.com\/wp-content\/uploads\/2020\/03\/review5.jpg 707w, https:\/\/www.guarneritrioprague.com\/wp-content\/uploads\/2020\/03\/review5-300x236.jpg 300w\" sizes=\"auto, (max-width: 707px) 100vw, 707px\" \/><\/td>\n<\/tr>\n<tr>\n<td style=\"width: 100%;\">&nbsp;<\/td>\n<\/tr>\n<tr>\n<td style=\"width: 100%;\"><img loading=\"lazy\" decoding=\"async\" class=\"alignnone wp-image-355 size-full\" src=\"https:\/\/guarneritrioprague.cajik.com\/wp-content\/uploads\/2020\/03\/review4.jpg\" alt=\"\" width=\"707\" height=\"417\" srcset=\"https:\/\/www.guarneritrioprague.com\/wp-content\/uploads\/2020\/03\/review4.jpg 707w, https:\/\/www.guarneritrioprague.com\/wp-content\/uploads\/2020\/03\/review4-300x177.jpg 300w\" sizes=\"auto, (max-width: 707px) 100vw, 707px\" \/><\/td>\n<\/tr>\n<tr>\n<td style=\"width: 100%;\">&nbsp;<\/td>\n<\/tr>\n<tr>\n<td style=\"width: 100%;\"><img loading=\"lazy\" decoding=\"async\" class=\"alignnone wp-image-354 size-full\" src=\"https:\/\/guarneritrioprague.cajik.com\/wp-content\/uploads\/2020\/03\/review1.jpg\" alt=\"\" width=\"790\" height=\"513\" srcset=\"https:\/\/www.guarneritrioprague.com\/wp-content\/uploads\/2020\/03\/review1.jpg 790w, https:\/\/www.guarneritrioprague.com\/wp-content\/uploads\/2020\/03\/review1-300x195.jpg 300w, https:\/\/www.guarneritrioprague.com\/wp-content\/uploads\/2020\/03\/review1-768x499.jpg 768w\" sizes=\"auto, (max-width: 767px) 89vw, (max-width: 1000px) 54vw, (max-width: 1071px) 543px, 580px\" \/><\/td>\n<\/tr>\n<\/tbody>\n<\/table>\n<p>&nbsp;<\/p>\n","protected":false},"excerpt":{"rendered":"<p>&nbsp; Guarneri Trio, Prague, Lakeside, Nottingham, 5*****&nbsp;review here (William Ruff, December 12 2019) &nbsp; Sensibel ausleuchtend verwandelten die drei Musiker jeden einzelnen Satz in ein kostbares Kleinod. Jede Menge Feuer war im Spiel, aber wie im Scherzo auch eine geh\u00f6rige Portion Charme. (Berner Oberl\u00e4nder, 19.08. 2019) &nbsp; Tosender Erfolg war logische Folge h\u00f6chstm\u00f6glicher Begeitserung, sodass &hellip; <\/p>\n<p class=\"link-more\"><a href=\"https:\/\/www.guarneritrioprague.com\/en\/tisk\/\" class=\"more-link\">Continue reading<span class=\"screen-reader-text\"> &#8220;PRESS&#8221;<\/span><\/a><\/p>\n","protected":false},"author":1,"featured_media":0,"parent":0,"menu_order":0,"comment_status":"closed","ping_status":"closed","template":"","meta":{"ngg_post_thumbnail":0,"footnotes":""},"class_list":["post-164","page","type-page","status-publish","hentry"],"translation":{"provider":"WPGlobus","version":"3.0.2","language":"en","enabled_languages":["cz","en","de","fr"],"languages":{"cz":{"title":true,"content":true,"excerpt":false},"en":{"title":true,"content":true,"excerpt":false},"de":{"title":true,"content":true,"excerpt":false},"fr":{"title":true,"content":true,"excerpt":false}}},"yoast_head":"<!-- This site is optimized with the Yoast SEO plugin v27.5 - https:\/\/yoast.com\/product\/yoast-seo-wordpress\/ -->\n<title>PRESS - Guarneri Trio Prague<\/title>\n<meta name=\"robots\" content=\"index, follow, max-snippet:-1, max-image-preview:large, max-video-preview:-1\" \/>\n<link rel=\"canonical\" href=\"https:\/\/www.guarneritrioprague.com\/tisk\/\" \/>\n<meta property=\"og:locale\" content=\"en_US\" \/>\n<meta property=\"og:type\" content=\"article\" \/>\n<meta property=\"og:title\" content=\"PRESS - Guarneri Trio Prague\" \/>\n<meta property=\"og:url\" content=\"https:\/\/www.guarneritrioprague.com\/tisk\/\" \/>\n<meta property=\"og:site_name\" content=\"Guarneri Trio Prague\" \/>\n<meta property=\"article:modified_time\" content=\"2024-09-17T11:32:12+00:00\" \/>\n<meta property=\"og:image\" content=\"https:\/\/www.guarneritrioprague.com\/wp-content\/uploads\/2023\/09\/2023-05-28-en.jpg\" \/>\n<meta name=\"twitter:card\" content=\"summary_large_image\" \/>\n<meta name=\"twitter:label1\" content=\"Est. reading time\" \/>\n\t<meta name=\"twitter:data1\" content=\"20 minutes\" \/>\n<script type=\"application\/ld+json\" class=\"yoast-schema-graph\">{\"@context\":\"https:\\\/\\\/schema.org\",\"@graph\":[{\"@type\":\"WebPage\",\"@id\":\"https:\\\/\\\/www.guarneritrioprague.com\\\/tisk\\\/\",\"url\":\"https:\\\/\\\/www.guarneritrioprague.com\\\/tisk\\\/\",\"name\":\"PRESS - Guarneri Trio Prague\",\"isPartOf\":{\"@id\":\"https:\\\/\\\/www.guarneritrioprague.com\\\/#website\"},\"primaryImageOfPage\":{\"@id\":\"https:\\\/\\\/www.guarneritrioprague.com\\\/tisk\\\/#primaryimage\"},\"image\":{\"@id\":\"https:\\\/\\\/www.guarneritrioprague.com\\\/tisk\\\/#primaryimage\"},\"thumbnailUrl\":\"https:\\\/\\\/www.guarneritrioprague.com\\\/wp-content\\\/uploads\\\/2023\\\/09\\\/2023-05-28-en.jpg\",\"datePublished\":\"2019-10-27T08:52:08+00:00\",\"dateModified\":\"2024-09-17T11:32:12+00:00\",\"breadcrumb\":{\"@id\":\"https:\\\/\\\/www.guarneritrioprague.com\\\/tisk\\\/#breadcrumb\"},\"inLanguage\":\"en-US\",\"potentialAction\":[{\"@type\":\"ReadAction\",\"target\":[\"https:\\\/\\\/www.guarneritrioprague.com\\\/tisk\\\/\"]}]},{\"@type\":\"ImageObject\",\"inLanguage\":\"en-US\",\"@id\":\"https:\\\/\\\/www.guarneritrioprague.com\\\/tisk\\\/#primaryimage\",\"url\":\"https:\\\/\\\/www.guarneritrioprague.com\\\/wp-content\\\/uploads\\\/2023\\\/09\\\/2023-05-28-en.jpg\",\"contentUrl\":\"https:\\\/\\\/www.guarneritrioprague.com\\\/wp-content\\\/uploads\\\/2023\\\/09\\\/2023-05-28-en.jpg\"},{\"@type\":\"BreadcrumbList\",\"@id\":\"https:\\\/\\\/www.guarneritrioprague.com\\\/tisk\\\/#breadcrumb\",\"itemListElement\":[{\"@type\":\"ListItem\",\"position\":1,\"name\":\"Dom\u016f\",\"item\":\"https:\\\/\\\/www.guarneritrioprague.com\\\/\"},{\"@type\":\"ListItem\",\"position\":2,\"name\":\"TISK\"}]},{\"@type\":\"WebSite\",\"@id\":\"https:\\\/\\\/www.guarneritrioprague.com\\\/#website\",\"url\":\"https:\\\/\\\/www.guarneritrioprague.com\\\/\",\"name\":\"Guarneri Trio Prague\",\"description\":\"\u010cen\u011bk Pavl\u00edk-violin, Marek Jerie-violoncello, Ivan Kl\u00e1nsk\u00fd-piano\",\"potentialAction\":[{\"@type\":\"SearchAction\",\"target\":{\"@type\":\"EntryPoint\",\"urlTemplate\":\"https:\\\/\\\/www.guarneritrioprague.com\\\/?s={search_term_string}\"},\"query-input\":{\"@type\":\"PropertyValueSpecification\",\"valueRequired\":true,\"valueName\":\"search_term_string\"}}],\"inLanguage\":\"en-US\"}]}<\/script>\n<!-- \/ Yoast SEO plugin. -->","yoast_head_json":{"title":"PRESS - Guarneri Trio Prague","robots":{"index":"index","follow":"follow","max-snippet":"max-snippet:-1","max-image-preview":"max-image-preview:large","max-video-preview":"max-video-preview:-1"},"canonical":"https:\/\/www.guarneritrioprague.com\/tisk\/","og_locale":"en_US","og_type":"article","og_title":"PRESS - Guarneri Trio Prague","og_url":"https:\/\/www.guarneritrioprague.com\/tisk\/","og_site_name":"Guarneri Trio Prague","article_modified_time":"2024-09-17T11:32:12+00:00","og_image":[{"url":"https:\/\/www.guarneritrioprague.com\/wp-content\/uploads\/2023\/09\/2023-05-28-en.jpg","type":"","width":"","height":""}],"twitter_card":"summary_large_image","twitter_misc":{"Est. reading time":"20 minutes"},"schema":{"@context":"https:\/\/schema.org","@graph":[{"@type":"WebPage","@id":"https:\/\/www.guarneritrioprague.com\/tisk\/","url":"https:\/\/www.guarneritrioprague.com\/tisk\/","name":"PRESS - Guarneri Trio Prague","isPartOf":{"@id":"https:\/\/www.guarneritrioprague.com\/#website"},"primaryImageOfPage":{"@id":"https:\/\/www.guarneritrioprague.com\/tisk\/#primaryimage"},"image":{"@id":"https:\/\/www.guarneritrioprague.com\/tisk\/#primaryimage"},"thumbnailUrl":"https:\/\/www.guarneritrioprague.com\/wp-content\/uploads\/2023\/09\/2023-05-28-en.jpg","datePublished":"2019-10-27T08:52:08+00:00","dateModified":"2024-09-17T11:32:12+00:00","breadcrumb":{"@id":"https:\/\/www.guarneritrioprague.com\/tisk\/#breadcrumb"},"inLanguage":"en-US","potentialAction":[{"@type":"ReadAction","target":["https:\/\/www.guarneritrioprague.com\/tisk\/"]}]},{"@type":"ImageObject","inLanguage":"en-US","@id":"https:\/\/www.guarneritrioprague.com\/tisk\/#primaryimage","url":"https:\/\/www.guarneritrioprague.com\/wp-content\/uploads\/2023\/09\/2023-05-28-en.jpg","contentUrl":"https:\/\/www.guarneritrioprague.com\/wp-content\/uploads\/2023\/09\/2023-05-28-en.jpg"},{"@type":"BreadcrumbList","@id":"https:\/\/www.guarneritrioprague.com\/tisk\/#breadcrumb","itemListElement":[{"@type":"ListItem","position":1,"name":"Dom\u016f","item":"https:\/\/www.guarneritrioprague.com\/"},{"@type":"ListItem","position":2,"name":"TISK"}]},{"@type":"WebSite","@id":"https:\/\/www.guarneritrioprague.com\/#website","url":"https:\/\/www.guarneritrioprague.com\/","name":"Guarneri Trio Prague","description":"\u010cen\u011bk Pavl\u00edk-violin, Marek Jerie-violoncello, Ivan Kl\u00e1nsk\u00fd-piano","potentialAction":[{"@type":"SearchAction","target":{"@type":"EntryPoint","urlTemplate":"https:\/\/www.guarneritrioprague.com\/?s={search_term_string}"},"query-input":{"@type":"PropertyValueSpecification","valueRequired":true,"valueName":"search_term_string"}}],"inLanguage":"en-US"}]}},"_links":{"self":[{"href":"https:\/\/www.guarneritrioprague.com\/en\/wp-json\/wp\/v2\/pages\/164","targetHints":{"allow":["GET"]}}],"collection":[{"href":"https:\/\/www.guarneritrioprague.com\/en\/wp-json\/wp\/v2\/pages"}],"about":[{"href":"https:\/\/www.guarneritrioprague.com\/en\/wp-json\/wp\/v2\/types\/page"}],"author":[{"embeddable":true,"href":"https:\/\/www.guarneritrioprague.com\/en\/wp-json\/wp\/v2\/users\/1"}],"replies":[{"embeddable":true,"href":"https:\/\/www.guarneritrioprague.com\/en\/wp-json\/wp\/v2\/comments?post=164"}],"version-history":[{"count":68,"href":"https:\/\/www.guarneritrioprague.com\/en\/wp-json\/wp\/v2\/pages\/164\/revisions"}],"predecessor-version":[{"id":504,"href":"https:\/\/www.guarneritrioprague.com\/en\/wp-json\/wp\/v2\/pages\/164\/revisions\/504"}],"wp:attachment":[{"href":"https:\/\/www.guarneritrioprague.com\/en\/wp-json\/wp\/v2\/media?parent=164"}],"curies":[{"name":"wp","href":"https:\/\/api.w.org\/{rel}","templated":true}]}}