{"id":19,"date":"2019-10-26T21:18:52","date_gmt":"2019-10-26T20:18:52","guid":{"rendered":"https:\/\/guarneritrioprague.cajik.com\/?page_id=19"},"modified":"2020-12-09T21:55:26","modified_gmt":"2020-12-09T20:55:26","slug":"clenove","status":"publish","type":"page","link":"https:\/\/www.guarneritrioprague.com\/fr\/clenove\/","title":{"rendered":"MEMBRES"},"content":{"rendered":"<table style=\"border-collapse: collapse; width: 100%;\">\n<tbody>\n<tr>\n<td style=\"width: 30%;\" align=\"justify\" valign=\"top\"><span style=\"font-size: 12pt;\"><strong>\u010cen\u011bk Pavl\u00edk<\/strong><\/span> fait partie des tout premiers solistes violinistes tch\u00e8ques de sa g\u00e9n\u00e9ration. Il est premier prix de concours internationaux de Prague et Londres et vit en qualit\u00e9 d\u2019artiste ind\u00e9pendant en R\u00e9publique Tch\u00e8que. En dehors de son art, son int\u00e9r\u00eat principal se porte sur les \u201eLocomotives \u00e0 vapeur\u201c. Cenek Pavlik participe r\u00e9guli\u00e8rement \u00e0 des recherches et s\u2019est fait conna\u00eetre pour ses d\u00e9couverts dans le domaine de la poterie en c\u00e9ramiques du Moyen Age.<\/td>\n<td style=\"width: 5%;\">&nbsp;<\/td>\n<td style=\"width: 30%;\" align=\"justify\" valign=\"top\"><span style=\"font-size: 12pt;\"><strong>Marek Jerie<\/strong><\/span>&nbsp;compte parmi les violoncellistes tr\u00e8s appr\u00e9ci\u00e9s de sa g\u00e9n\u00e9ration. Il est professeur \u00e0 l\u2019Ecole sup\u00e9rieure de Musique de Lucerne o\u00f9 il dirige une classe de pr\u00e9paration aux concerts et \u00e0 la Musique de Chambre. Pour les \u00e9tudiants qui lui sont confi\u00e9s il se d\u00e9voue \u201ecorps et \u00e2me\u201c.<br \/>\nPour le p\u00e8re de famille enthousiasm\u00e9 par l\u2019art, les rencontres humaines associ\u00e9es \u00e0 la d\u00e9couverte de nouveaux pays sont un apport essentiellement \u00e9quilibrant.<\/td>\n<td style=\"width: 5%;\">&nbsp;<\/td>\n<td style=\"width: 30%;\" align=\"justify\" valign=\"top\"><span style=\"font-size: 12pt;\"><strong>Ivan Kl\u00e1nsk\u00fd<\/strong><\/span> fait partie des personnalit\u00e9s de pointe parmi les artistes tch\u00e8ques. Il enseigne en qualit\u00e9 de professeur \u00e0 l\u2019Acad\u00e9mie de Musique de Prague et \u00e0 l\u2019Ecole sup\u00e9rieure de Musique de Lucerne. Il dirige dans ces deux \u00e9coles une classe de formation de concertistes.<br \/>\nAnciennement Champion d\u2019Echecs, il est aujourd\u2019hui responsable de l\u2019organisation des voyages du Trio Guarneri de Prague car il conna\u00eet par coeur les correspondances de trains et d\u2019avions.<\/td>\n<\/tr>\n<\/tbody>\n<\/table>\n","protected":false},"excerpt":{"rendered":"<p>\u010cen\u011bk Pavl\u00edk fait partie des tout premiers solistes violinistes tch\u00e8ques de sa g\u00e9n\u00e9ration. Il est premier prix de concours internationaux de Prague et Londres et vit en qualit\u00e9 d\u2019artiste ind\u00e9pendant en R\u00e9publique Tch\u00e8que. En dehors de son art, son int\u00e9r\u00eat principal se porte sur les \u201eLocomotives \u00e0 vapeur\u201c. Cenek Pavlik participe r\u00e9guli\u00e8rement \u00e0 des recherches &hellip; <\/p>\n<p class=\"link-more\"><a href=\"https:\/\/www.guarneritrioprague.com\/fr\/clenove\/\" class=\"more-link\">Continuer la lecture<span class=\"screen-reader-text\"> de &laquo;&nbsp;MEMBRES&nbsp;&raquo;<\/span><\/a><\/p>\n","protected":false},"author":1,"featured_media":0,"parent":0,"menu_order":0,"comment_status":"closed","ping_status":"closed","template":"","meta":{"ngg_post_thumbnail":0,"footnotes":""},"class_list":["post-19","page","type-page","status-publish","hentry"],"translation":{"provider":"WPGlobus","version":"3.0.2","language":"fr","enabled_languages":["cz","en","de","fr"],"languages":{"cz":{"title":true,"content":true,"excerpt":false},"en":{"title":true,"content":true,"excerpt":false},"de":{"title":true,"content":true,"excerpt":false},"fr":{"title":true,"content":true,"excerpt":false}}},"yoast_head":"<!-- This site is optimized with the Yoast SEO plugin v27.5 - https:\/\/yoast.com\/product\/yoast-seo-wordpress\/ -->\n<title>MEMBRES - Guarneri Trio Prague<\/title>\n<meta name=\"robots\" content=\"index, follow, max-snippet:-1, max-image-preview:large, max-video-preview:-1\" \/>\n<link rel=\"canonical\" href=\"https:\/\/www.guarneritrioprague.com\/clenove\/\" \/>\n<meta property=\"og:locale\" content=\"fr_FR\" \/>\n<meta property=\"og:type\" content=\"article\" \/>\n<meta property=\"og:title\" content=\"MEMBRES - Guarneri Trio Prague\" \/>\n<meta property=\"og:url\" content=\"https:\/\/www.guarneritrioprague.com\/clenove\/\" \/>\n<meta property=\"og:site_name\" content=\"Guarneri Trio Prague\" \/>\n<meta property=\"article:modified_time\" content=\"2020-12-09T20:55:26+00:00\" \/>\n<meta name=\"twitter:card\" content=\"summary_large_image\" \/>\n<meta name=\"twitter:label1\" content=\"Dur\u00e9e de lecture estim\u00e9e\" \/>\n\t<meta name=\"twitter:data1\" content=\"4 minutes\" \/>\n<script type=\"application\/ld+json\" class=\"yoast-schema-graph\">{\"@context\":\"https:\\\/\\\/schema.org\",\"@graph\":[{\"@type\":\"WebPage\",\"@id\":\"https:\\\/\\\/www.guarneritrioprague.com\\\/clenove\\\/\",\"url\":\"https:\\\/\\\/www.guarneritrioprague.com\\\/clenove\\\/\",\"name\":\"MEMBRES - Guarneri Trio Prague\",\"isPartOf\":{\"@id\":\"https:\\\/\\\/www.guarneritrioprague.com\\\/#website\"},\"datePublished\":\"2019-10-26T20:18:52+00:00\",\"dateModified\":\"2020-12-09T20:55:26+00:00\",\"breadcrumb\":{\"@id\":\"https:\\\/\\\/www.guarneritrioprague.com\\\/clenove\\\/#breadcrumb\"},\"inLanguage\":\"fr-FR\",\"potentialAction\":[{\"@type\":\"ReadAction\",\"target\":[\"https:\\\/\\\/www.guarneritrioprague.com\\\/clenove\\\/\"]}]},{\"@type\":\"BreadcrumbList\",\"@id\":\"https:\\\/\\\/www.guarneritrioprague.com\\\/clenove\\\/#breadcrumb\",\"itemListElement\":[{\"@type\":\"ListItem\",\"position\":1,\"name\":\"Dom\u016f\",\"item\":\"https:\\\/\\\/www.guarneritrioprague.com\\\/\"},{\"@type\":\"ListItem\",\"position\":2,\"name\":\"\u010cLENOV\u00c9\"}]},{\"@type\":\"WebSite\",\"@id\":\"https:\\\/\\\/www.guarneritrioprague.com\\\/#website\",\"url\":\"https:\\\/\\\/www.guarneritrioprague.com\\\/\",\"name\":\"Guarneri Trio Prague\",\"description\":\"Ivan Kl\u00e1nsk\u00fd - piano, \u010cen\u011bk Pavl\u00edk - violon, Marek Jerie - violoncello\",\"potentialAction\":[{\"@type\":\"SearchAction\",\"target\":{\"@type\":\"EntryPoint\",\"urlTemplate\":\"https:\\\/\\\/www.guarneritrioprague.com\\\/?s={search_term_string}\"},\"query-input\":{\"@type\":\"PropertyValueSpecification\",\"valueRequired\":true,\"valueName\":\"search_term_string\"}}],\"inLanguage\":\"fr-FR\"}]}<\/script>\n<!-- \/ Yoast SEO plugin. -->","yoast_head_json":{"title":"MEMBRES - Guarneri Trio Prague","robots":{"index":"index","follow":"follow","max-snippet":"max-snippet:-1","max-image-preview":"max-image-preview:large","max-video-preview":"max-video-preview:-1"},"canonical":"https:\/\/www.guarneritrioprague.com\/clenove\/","og_locale":"fr_FR","og_type":"article","og_title":"MEMBRES - Guarneri Trio Prague","og_url":"https:\/\/www.guarneritrioprague.com\/clenove\/","og_site_name":"Guarneri Trio Prague","article_modified_time":"2020-12-09T20:55:26+00:00","twitter_card":"summary_large_image","twitter_misc":{"Dur\u00e9e de lecture estim\u00e9e":"4 minutes"},"schema":{"@context":"https:\/\/schema.org","@graph":[{"@type":"WebPage","@id":"https:\/\/www.guarneritrioprague.com\/clenove\/","url":"https:\/\/www.guarneritrioprague.com\/clenove\/","name":"MEMBRES - Guarneri Trio Prague","isPartOf":{"@id":"https:\/\/www.guarneritrioprague.com\/#website"},"datePublished":"2019-10-26T20:18:52+00:00","dateModified":"2020-12-09T20:55:26+00:00","breadcrumb":{"@id":"https:\/\/www.guarneritrioprague.com\/clenove\/#breadcrumb"},"inLanguage":"fr-FR","potentialAction":[{"@type":"ReadAction","target":["https:\/\/www.guarneritrioprague.com\/clenove\/"]}]},{"@type":"BreadcrumbList","@id":"https:\/\/www.guarneritrioprague.com\/clenove\/#breadcrumb","itemListElement":[{"@type":"ListItem","position":1,"name":"Dom\u016f","item":"https:\/\/www.guarneritrioprague.com\/"},{"@type":"ListItem","position":2,"name":"\u010cLENOV\u00c9"}]},{"@type":"WebSite","@id":"https:\/\/www.guarneritrioprague.com\/#website","url":"https:\/\/www.guarneritrioprague.com\/","name":"Guarneri Trio Prague","description":"Ivan Kl\u00e1nsk\u00fd - piano, \u010cen\u011bk Pavl\u00edk - violon, Marek Jerie - violoncello","potentialAction":[{"@type":"SearchAction","target":{"@type":"EntryPoint","urlTemplate":"https:\/\/www.guarneritrioprague.com\/?s={search_term_string}"},"query-input":{"@type":"PropertyValueSpecification","valueRequired":true,"valueName":"search_term_string"}}],"inLanguage":"fr-FR"}]}},"_links":{"self":[{"href":"https:\/\/www.guarneritrioprague.com\/fr\/wp-json\/wp\/v2\/pages\/19","targetHints":{"allow":["GET"]}}],"collection":[{"href":"https:\/\/www.guarneritrioprague.com\/fr\/wp-json\/wp\/v2\/pages"}],"about":[{"href":"https:\/\/www.guarneritrioprague.com\/fr\/wp-json\/wp\/v2\/types\/page"}],"author":[{"embeddable":true,"href":"https:\/\/www.guarneritrioprague.com\/fr\/wp-json\/wp\/v2\/users\/1"}],"replies":[{"embeddable":true,"href":"https:\/\/www.guarneritrioprague.com\/fr\/wp-json\/wp\/v2\/comments?post=19"}],"version-history":[{"count":29,"href":"https:\/\/www.guarneritrioprague.com\/fr\/wp-json\/wp\/v2\/pages\/19\/revisions"}],"predecessor-version":[{"id":331,"href":"https:\/\/www.guarneritrioprague.com\/fr\/wp-json\/wp\/v2\/pages\/19\/revisions\/331"}],"wp:attachment":[{"href":"https:\/\/www.guarneritrioprague.com\/fr\/wp-json\/wp\/v2\/media?parent=19"}],"curies":[{"name":"wp","href":"https:\/\/api.w.org\/{rel}","templated":true}]}}